{"id":173,"date":"2026-03-14T15:54:49","date_gmt":"2026-03-14T14:54:49","guid":{"rendered":"https:\/\/www.andp-cci.org\/?page_id=173"},"modified":"2026-03-18T17:52:29","modified_gmt":"2026-03-18T16:52:29","slug":"fnca","status":"publish","type":"page","link":"https:\/\/www.andp-cci.org\/index.php\/fnca\/","title":{"rendered":"FNCA"},"content":{"rendered":"\n<p class=\"has-background-color has-text-color has-background has-link-color wp-elements-10d191c927f5771ddda8cffa80287c7d\" style=\"background:linear-gradient(135deg,rgb(117,179,16) 0%,rgb(51,153,29) 100%)\">Comme indiqu\u00e9 sur son site internet, \u00ab\u00a0la F\u00e9d\u00e9ration Nationale du Credit Agricole est&nbsp;l\u2019instance d\u2019orientation et de repr\u00e9sentation des Caisses r\u00e9gionales de Cr\u00e9dit agricole, actionnaires majoritaires de Cr\u00e9dit agricole SA \u00e0 travers la SAS Rue La Bo\u00e9tie.&nbsp;La F\u00e9d\u00e9ration nationale du Cr\u00e9dit Agricole (FNCA)&nbsp;est le lieu d\u2019\u00e9changes et de concertation des Caisses r\u00e9gionales sur les grandes orientations du Cr\u00e9dit Agricole.&nbsp;Elle repr\u00e9sente les Caisses r\u00e9gionales aupr\u00e8s de leur environnement politique, social et \u00e9conomique.\u00a0\u00bb<\/p>\n\n\n\n<p>Pascal Quiry a eu l\u2019occasion de rencontrer en 2023 et en 2024 son Directeur g\u00e9n\u00e9ral adjoint qui lui avait \u00e9t\u00e9 introduit par le Directeur G\u00e9n\u00e9ral d\u00e9l\u00e9gue de Cr\u00e9dit Agricole SA, en charges des sujets de liquidit\u00e9 et de solvabilit\u00e9 pour tout le groupe Cr\u00e9dit Agricole.<\/p>\n\n\n\n<p>Afin de pr\u00e9parer cet entretien, la note suivante lui avait \u00e9t\u00e9 transmise qui diagnostique les raisons de la tr\u00e8s faible rentabilit\u00e9 des capitaux propres des Caisses r\u00e9gionales cot\u00e9es (2 % en 2025) compte tenu d\u2019une suraccumulation de capitaux propres exc\u00e9dentaires (CET1 moyen de 25%), bien au-del\u00e0 des normes prudentielles requises (11%) et des niveaux de ses confr\u00e8res mutualistes des Banques Populaires, Caisses d\u2019\u00c9pargne (16,5%), et Cr\u00e9dit Mutuel (19,7 %)<\/p>\n\n\n\n<div\n    class='wp-block-pdfp-pdf-poster  alignnone'\n    id='block-2'\n    data-attributes='{&quot;uniqueId&quot;:&quot;pdfp1&quot;,&quot;file&quot;:&quot;https:\\\/\\\/www.andp-cci.org\\\/wp-content\\\/uploads\\\/2026\\\/03\\\/Proposition-de-changement-de-la-politique-de-distribution-de-dividendes-des-Caisses-regionales-du-Credit-Agricole.pdf&quot;,&quot;title&quot;:&quot;Proposition de changement de la politique de distribution de dividendes des Caisses r\\u00e9gionales du Cr\\u00e9dit Agricole&quot;,&quot;height&quot;:&quot;842px&quot;,&quot;width&quot;:&quot;100%&quot;,&quot;print&quot;:false,&quot;fullscreenButton&quot;:&quot;1&quot;,&quot;newWindow&quot;:false,&quot;showName&quot;:true,&quot;downloadButton&quot;:true,&quot;downloadButtonText&quot;:&quot;Download File&quot;,&quot;protect&quot;:false,&quot;onlyPDF&quot;:false,&quot;defaultBrowser&quot;:false,&quot;thumbMenu&quot;:false,&quot;initialPage&quot;:0,&quot;sidebarOpen&quot;:false,&quot;lastVersion&quot;:false,&quot;hrScroll&quot;:0,&quot;alert&quot;:true,&quot;btnStyles&quot;:{&quot;background&quot;:&quot;#1e73be&quot;,&quot;color&quot;:&quot;#fff&quot;,&quot;fontSize&quot;:&quot;1rem&quot;,&quot;padding&quot;:{&quot;top&quot;:10,&quot;right&quot;:20,&quot;bottom&quot;:10,&quot;left&quot;:10}},&quot;popupOptions&quot;:{&quot;enabled&quot;:0,&quot;text&quot;:&quot;Open PDF&quot;,&quot;triggerType&quot;:&quot;button&quot;,&quot;image&quot;:&quot;&quot;,&quot;imageHeight&quot;:&quot;200px&quot;,&quot;imageWidth&quot;:&quot;300px&quot;,&quot;imagePdfIcon&quot;:true,&quot;triggerAlignment&quot;:&quot;center&quot;,&quot;btnStyle&quot;:{&quot;background&quot;:&quot;#1e73be&quot;,&quot;color&quot;:&quot;#fff&quot;,&quot;fontSize&quot;:&quot;1rem&quot;,&quot;padding&quot;:{&quot;top&quot;:10,&quot;right&quot;:20,&quot;bottom&quot;:10,&quot;left&quot;:10}}},&quot;actionsPosition&quot;:&quot;top&quot;,&quot;socialShare&quot;:{&quot;enabled&quot;:false,&quot;facebook&quot;:true,&quot;twitter&quot;:true,&quot;linkedin&quot;:true,&quot;pinterest&quot;:true,&quot;position&quot;:&quot;top&quot;},&quot;adobeEmbedder&quot;:false,&quot;align&quot;:&quot;none&quot;,&quot;alignment&quot;:&quot;left&quot;,&quot;titleFontSize&quot;:&quot;16px&quot;,&quot;fullscreenButtonText&quot;:&quot;View Fullscreen&quot;,&quot;isHideRightToolbar&quot;:false,&quot;additional&quot;:{&quot;ID&quot;:&quot;&quot;,&quot;Class&quot;:&quot;&quot;,&quot;CSS&quot;:&quot;&quot;},&quot;adobeOptions&quot;:{&quot;showDownloadPDF&quot;:true,&quot;showPrintPDF&quot;:true,&quot;showAnnotationTools&quot;:true,&quot;showFullScreen&quot;:false,&quot;embedMode&quot;:&quot;SIZED_CONTAINER&quot;},&quot;popupBtnStyle&quot;:{&quot;background&quot;:&quot;#2271b1&quot;,&quot;color&quot;:&quot;#fff&quot;,&quot;padding&quot;:{&quot;top&quot;:10,&quot;right&quot;:20,&quot;bottom&quot;:10,&quot;left&quot;:10}},&quot;popupBtnText&quot;:&quot;Open Document&quot;,&quot;CSS&quot;:&quot;&quot;,&quot;isPremium&quot;:false}'\n    style=\"text-align: left\">\n    \n        <iframe loading=\"lazy\" title=\"Proposition de changement de la politique de distribution de dividendes des Caisses r\u00e9gionales du Cr\u00e9dit Agricole\" style=\"border:0;\" width=\"100%\" height=\"800px\" class=\"pdfp_unsupported_frame\" src=\"\/\/docs.google.com\/gview?embedded=true&url=https:\/\/www.andp-cci.org\/wp-content\/uploads\/2026\/03\/Proposition-de-changement-de-la-politique-de-distribution-de-dividendes-des-Caisses-regionales-du-Credit-Agricole.pdf\"><\/iframe>\n\n    <\/div>\n\n\n\n\n<p>Bien qu\u2019ayant \u00e9t\u00e9 renouvel\u00e9 dans ses fonctions de pr\u00e9sident de Cr\u00e9dit Agricole SA en mai 2025 pour un nouveau mandat de 5 ans, qu\u2019il cumulait avec la pr\u00e9sidence de la FNCA, Dominique Lefebvre a annonc\u00e9 en septembre 2025 sa d\u00e9mission de tous ses mandats au sein du groupe:\u00ab<em>J\u2019ai consid\u00e9r\u00e9 que le moment \u00e9tait opportun pour passer le relais de la Pr\u00e9sidence du Groupe<\/em>&nbsp;\u00bb. Pourquoi cette id\u00e9e ne lui est-elle pas venue 4 mois auparavant, au moment d\u2019\u00eatre renouvel\u00e9 pour 5 ans. . .&nbsp;?&nbsp;?&nbsp;?<br>Toujours est-il qu\u2019un successeur est \u00e9lu, \u00c9ric Vial, \u00e0 qui Pascal Quiry a demand\u00e9 RDV le 5 d\u00e9cembre 2025 par ce courrier <\/p>\n\n\n\n<div\n    class='wp-block-pdfp-pdf-poster  alignnone'\n    id='block-4'\n    data-attributes='{&quot;uniqueId&quot;:&quot;pdfp3&quot;,&quot;file&quot;:&quot;https:\\\/\\\/www.andp-cci.org\\\/wp-content\\\/uploads\\\/2026\\\/03\\\/Lettre-Eric-Vial-5-12-2025.pdf&quot;,&quot;title&quot;:&quot;Lettre Eric Vial 05.12.2025&quot;,&quot;height&quot;:&quot;842px&quot;,&quot;width&quot;:&quot;100%&quot;,&quot;print&quot;:false,&quot;fullscreenButton&quot;:&quot;1&quot;,&quot;newWindow&quot;:false,&quot;showName&quot;:true,&quot;downloadButton&quot;:true,&quot;downloadButtonText&quot;:&quot;Download File&quot;,&quot;protect&quot;:false,&quot;onlyPDF&quot;:false,&quot;defaultBrowser&quot;:false,&quot;thumbMenu&quot;:false,&quot;initialPage&quot;:0,&quot;sidebarOpen&quot;:false,&quot;lastVersion&quot;:false,&quot;hrScroll&quot;:0,&quot;alert&quot;:true,&quot;btnStyles&quot;:{&quot;background&quot;:&quot;#1e73be&quot;,&quot;color&quot;:&quot;#fff&quot;,&quot;fontSize&quot;:&quot;1rem&quot;,&quot;padding&quot;:{&quot;top&quot;:10,&quot;right&quot;:20,&quot;bottom&quot;:10,&quot;left&quot;:10}},&quot;popupOptions&quot;:{&quot;enabled&quot;:0,&quot;text&quot;:&quot;Open PDF&quot;,&quot;triggerType&quot;:&quot;button&quot;,&quot;image&quot;:&quot;&quot;,&quot;imageHeight&quot;:&quot;200px&quot;,&quot;imageWidth&quot;:&quot;300px&quot;,&quot;imagePdfIcon&quot;:true,&quot;triggerAlignment&quot;:&quot;center&quot;,&quot;btnStyle&quot;:{&quot;background&quot;:&quot;#1e73be&quot;,&quot;color&quot;:&quot;#fff&quot;,&quot;fontSize&quot;:&quot;1rem&quot;,&quot;padding&quot;:{&quot;top&quot;:10,&quot;right&quot;:20,&quot;bottom&quot;:10,&quot;left&quot;:10}}},&quot;actionsPosition&quot;:&quot;top&quot;,&quot;socialShare&quot;:{&quot;enabled&quot;:false,&quot;facebook&quot;:true,&quot;twitter&quot;:true,&quot;linkedin&quot;:true,&quot;pinterest&quot;:true,&quot;position&quot;:&quot;top&quot;},&quot;adobeEmbedder&quot;:false,&quot;align&quot;:&quot;none&quot;,&quot;alignment&quot;:&quot;left&quot;,&quot;titleFontSize&quot;:&quot;16px&quot;,&quot;fullscreenButtonText&quot;:&quot;View Fullscreen&quot;,&quot;isHideRightToolbar&quot;:false,&quot;additional&quot;:{&quot;ID&quot;:&quot;&quot;,&quot;Class&quot;:&quot;&quot;,&quot;CSS&quot;:&quot;&quot;},&quot;adobeOptions&quot;:{&quot;showDownloadPDF&quot;:true,&quot;showPrintPDF&quot;:true,&quot;showAnnotationTools&quot;:true,&quot;showFullScreen&quot;:false,&quot;embedMode&quot;:&quot;SIZED_CONTAINER&quot;},&quot;popupBtnStyle&quot;:{&quot;background&quot;:&quot;#2271b1&quot;,&quot;color&quot;:&quot;#fff&quot;,&quot;padding&quot;:{&quot;top&quot;:10,&quot;right&quot;:20,&quot;bottom&quot;:10,&quot;left&quot;:10}},&quot;popupBtnText&quot;:&quot;Open Document&quot;,&quot;CSS&quot;:&quot;&quot;,&quot;isPremium&quot;:false}'\n    style=\"text-align: left\">\n    \n        <iframe loading=\"lazy\" title=\"Lettre Eric Vial 05.12.2025\" style=\"border:0;\" width=\"100%\" height=\"800px\" class=\"pdfp_unsupported_frame\" src=\"\/\/docs.google.com\/gview?embedded=true&url=https:\/\/www.andp-cci.org\/wp-content\/uploads\/2026\/03\/Lettre-Eric-Vial-5-12-2025.pdf\"><\/iframe>\n\n    <\/div>\n\n\n\n\n<p>Cette demande de rendez-vous a \u00e9t\u00e9 refus\u00e9e.<\/p>\n","protected":false},"excerpt":{"rendered":"<p>Comme indiqu\u00e9 sur son site internet, \u00ab\u00a0la F\u00e9d\u00e9ration Nationale du Credit Agricole est&nbsp;l\u2019instance d\u2019orientation et de repr\u00e9sentation des Caisses r\u00e9gionales de Cr\u00e9dit agricole, actionnaires majoritaires de Cr\u00e9dit agricole SA \u00e0 travers la SAS Rue La Bo\u00e9tie.&nbsp;La F\u00e9d\u00e9ration nationale du Cr\u00e9dit Agricole (FNCA)&nbsp;est le lieu d\u2019\u00e9changes et de concertation des Caisses r\u00e9gionales sur les grandes orientations [&hellip;]<\/p>\n","protected":false},"author":1,"featured_media":0,"parent":0,"menu_order":0,"comment_status":"closed","ping_status":"closed","template":"templates\/template-full-width.php","meta":{"footnotes":""},"class_list":["post-173","page","type-page","status-publish","hentry"],"yoast_head":"<!-- This site is optimized with the Yoast SEO plugin v27.4 - https:\/\/yoast.com\/product\/yoast-seo-wordpress\/ -->\n<title>FNCA - Site de l\u2019Association Nationale de D\u00e9fense des Porteurs de CCI du Cr\u00e9dit Agricole (ANDP-CCI)<\/title>\n<meta name=\"robots\" content=\"index, follow, max-snippet:-1, max-image-preview:large, max-video-preview:-1\" \/>\n<link rel=\"canonical\" href=\"https:\/\/www.andp-cci.org\/index.php\/fnca\/\" \/>\n<meta property=\"og:locale\" content=\"fr_FR\" \/>\n<meta property=\"og:type\" content=\"article\" \/>\n<meta property=\"og:title\" content=\"FNCA - Site de l\u2019Association Nationale de D\u00e9fense des Porteurs de CCI du Cr\u00e9dit Agricole (ANDP-CCI)\" \/>\n<meta property=\"og:description\" content=\"Comme indiqu\u00e9 sur son site internet, \u00ab\u00a0la F\u00e9d\u00e9ration Nationale du Credit Agricole est&nbsp;l\u2019instance d\u2019orientation et de repr\u00e9sentation des Caisses r\u00e9gionales de Cr\u00e9dit agricole, actionnaires majoritaires de Cr\u00e9dit agricole SA \u00e0 travers la SAS Rue La Bo\u00e9tie.&nbsp;La F\u00e9d\u00e9ration nationale du Cr\u00e9dit Agricole (FNCA)&nbsp;est le lieu d\u2019\u00e9changes et de concertation des Caisses r\u00e9gionales sur les grandes orientations [&hellip;]\" \/>\n<meta property=\"og:url\" content=\"https:\/\/www.andp-cci.org\/index.php\/fnca\/\" \/>\n<meta property=\"og:site_name\" content=\"Site de l\u2019Association Nationale de D\u00e9fense des Porteurs de CCI du Cr\u00e9dit Agricole (ANDP-CCI)\" \/>\n<meta property=\"article:modified_time\" content=\"2026-03-18T16:52:29+00:00\" \/>\n<meta name=\"twitter:card\" content=\"summary_large_image\" \/>\n<meta name=\"twitter:label1\" content=\"Dur\u00e9e de lecture estim\u00e9e\" \/>\n\t<meta name=\"twitter:data1\" content=\"2 minutes\" \/>\n<script type=\"application\/ld+json\" class=\"yoast-schema-graph\">{\"@context\":\"https:\\\/\\\/schema.org\",\"@graph\":[{\"@type\":\"WebPage\",\"@id\":\"https:\\\/\\\/www.andp-cci.org\\\/index.php\\\/fnca\\\/\",\"url\":\"https:\\\/\\\/www.andp-cci.org\\\/index.php\\\/fnca\\\/\",\"name\":\"FNCA - Site de l\u2019Association Nationale de D\u00e9fense des Porteurs de CCI du Cr\u00e9dit Agricole (ANDP-CCI)\",\"isPartOf\":{\"@id\":\"https:\\\/\\\/www.andp-cci.org\\\/#website\"},\"datePublished\":\"2026-03-14T14:54:49+00:00\",\"dateModified\":\"2026-03-18T16:52:29+00:00\",\"breadcrumb\":{\"@id\":\"https:\\\/\\\/www.andp-cci.org\\\/index.php\\\/fnca\\\/#breadcrumb\"},\"inLanguage\":\"fr-FR\",\"potentialAction\":[{\"@type\":\"ReadAction\",\"target\":[\"https:\\\/\\\/www.andp-cci.org\\\/index.php\\\/fnca\\\/\"]}]},{\"@type\":\"BreadcrumbList\",\"@id\":\"https:\\\/\\\/www.andp-cci.org\\\/index.php\\\/fnca\\\/#breadcrumb\",\"itemListElement\":[{\"@type\":\"ListItem\",\"position\":1,\"name\":\"Accueil\",\"item\":\"https:\\\/\\\/www.andp-cci.org\\\/\"},{\"@type\":\"ListItem\",\"position\":2,\"name\":\"FNCA\"}]},{\"@type\":\"WebSite\",\"@id\":\"https:\\\/\\\/www.andp-cci.org\\\/#website\",\"url\":\"https:\\\/\\\/www.andp-cci.org\\\/\",\"name\":\"Site de l\u2019Association Nationale de D\u00e9fense des Porteurs de CCI du Cr\u00e9dit Agricole (ANDP-CCI)\",\"description\":\"\",\"potentialAction\":[{\"@type\":\"SearchAction\",\"target\":{\"@type\":\"EntryPoint\",\"urlTemplate\":\"https:\\\/\\\/www.andp-cci.org\\\/?s={search_term_string}\"},\"query-input\":{\"@type\":\"PropertyValueSpecification\",\"valueRequired\":true,\"valueName\":\"search_term_string\"}}],\"inLanguage\":\"fr-FR\"}]}<\/script>\n<!-- \/ Yoast SEO plugin. -->","yoast_head_json":{"title":"FNCA - Site de l\u2019Association Nationale de D\u00e9fense des Porteurs de CCI du Cr\u00e9dit Agricole (ANDP-CCI)","robots":{"index":"index","follow":"follow","max-snippet":"max-snippet:-1","max-image-preview":"max-image-preview:large","max-video-preview":"max-video-preview:-1"},"canonical":"https:\/\/www.andp-cci.org\/index.php\/fnca\/","og_locale":"fr_FR","og_type":"article","og_title":"FNCA - Site de l\u2019Association Nationale de D\u00e9fense des Porteurs de CCI du Cr\u00e9dit Agricole (ANDP-CCI)","og_description":"Comme indiqu\u00e9 sur son site internet, \u00ab\u00a0la F\u00e9d\u00e9ration Nationale du Credit Agricole est&nbsp;l\u2019instance d\u2019orientation et de repr\u00e9sentation des Caisses r\u00e9gionales de Cr\u00e9dit agricole, actionnaires majoritaires de Cr\u00e9dit agricole SA \u00e0 travers la SAS Rue La Bo\u00e9tie.&nbsp;La F\u00e9d\u00e9ration nationale du Cr\u00e9dit Agricole (FNCA)&nbsp;est le lieu d\u2019\u00e9changes et de concertation des Caisses r\u00e9gionales sur les grandes orientations [&hellip;]","og_url":"https:\/\/www.andp-cci.org\/index.php\/fnca\/","og_site_name":"Site de l\u2019Association Nationale de D\u00e9fense des Porteurs de CCI du Cr\u00e9dit Agricole (ANDP-CCI)","article_modified_time":"2026-03-18T16:52:29+00:00","twitter_card":"summary_large_image","twitter_misc":{"Dur\u00e9e de lecture estim\u00e9e":"2 minutes"},"schema":{"@context":"https:\/\/schema.org","@graph":[{"@type":"WebPage","@id":"https:\/\/www.andp-cci.org\/index.php\/fnca\/","url":"https:\/\/www.andp-cci.org\/index.php\/fnca\/","name":"FNCA - Site de l\u2019Association Nationale de D\u00e9fense des Porteurs de CCI du Cr\u00e9dit Agricole (ANDP-CCI)","isPartOf":{"@id":"https:\/\/www.andp-cci.org\/#website"},"datePublished":"2026-03-14T14:54:49+00:00","dateModified":"2026-03-18T16:52:29+00:00","breadcrumb":{"@id":"https:\/\/www.andp-cci.org\/index.php\/fnca\/#breadcrumb"},"inLanguage":"fr-FR","potentialAction":[{"@type":"ReadAction","target":["https:\/\/www.andp-cci.org\/index.php\/fnca\/"]}]},{"@type":"BreadcrumbList","@id":"https:\/\/www.andp-cci.org\/index.php\/fnca\/#breadcrumb","itemListElement":[{"@type":"ListItem","position":1,"name":"Accueil","item":"https:\/\/www.andp-cci.org\/"},{"@type":"ListItem","position":2,"name":"FNCA"}]},{"@type":"WebSite","@id":"https:\/\/www.andp-cci.org\/#website","url":"https:\/\/www.andp-cci.org\/","name":"Site de l\u2019Association Nationale de D\u00e9fense des Porteurs de CCI du Cr\u00e9dit Agricole (ANDP-CCI)","description":"","potentialAction":[{"@type":"SearchAction","target":{"@type":"EntryPoint","urlTemplate":"https:\/\/www.andp-cci.org\/?s={search_term_string}"},"query-input":{"@type":"PropertyValueSpecification","valueRequired":true,"valueName":"search_term_string"}}],"inLanguage":"fr-FR"}]}},"_links":{"self":[{"href":"https:\/\/www.andp-cci.org\/index.php\/wp-json\/wp\/v2\/pages\/173","targetHints":{"allow":["GET"]}}],"collection":[{"href":"https:\/\/www.andp-cci.org\/index.php\/wp-json\/wp\/v2\/pages"}],"about":[{"href":"https:\/\/www.andp-cci.org\/index.php\/wp-json\/wp\/v2\/types\/page"}],"author":[{"embeddable":true,"href":"https:\/\/www.andp-cci.org\/index.php\/wp-json\/wp\/v2\/users\/1"}],"replies":[{"embeddable":true,"href":"https:\/\/www.andp-cci.org\/index.php\/wp-json\/wp\/v2\/comments?post=173"}],"version-history":[{"count":3,"href":"https:\/\/www.andp-cci.org\/index.php\/wp-json\/wp\/v2\/pages\/173\/revisions"}],"predecessor-version":[{"id":315,"href":"https:\/\/www.andp-cci.org\/index.php\/wp-json\/wp\/v2\/pages\/173\/revisions\/315"}],"wp:attachment":[{"href":"https:\/\/www.andp-cci.org\/index.php\/wp-json\/wp\/v2\/media?parent=173"}],"curies":[{"name":"wp","href":"https:\/\/api.w.org\/{rel}","templated":true}]}}